{"id":1847,"date":"2022-07-15T17:35:37","date_gmt":"2022-07-15T16:35:37","guid":{"rendered":"https:\/\/paragliding-austria.com\/123-alles-in-1-cursus\/"},"modified":"2025-02-17T23:05:40","modified_gmt":"2025-02-17T22:05:40","slug":"123-alles-in-1-cursus","status":"publish","type":"page","link":"https:\/\/paragliding-austria.com\/nl\/vliegschool\/cursussen\/123-alles-in-1-cursus\/","title":{"rendered":"1+2+3 = Alles-in-1 Cursus"},"content":{"rendered":"\n<div class=\"slider-wrapper relative\" id=\"slider-5271257\" >\n    <div class=\"slider slider-nav-circle slider-nav-large slider-nav-light slider-style-normal\"\n        data-flickity-options='{\n            \"cellAlign\": \"center\",\n            \"imagesLoaded\": true,\n            \"lazyLoad\": 1,\n            \"freeScroll\": false,\n            \"wrapAround\": true,\n            \"autoPlay\": 5000,\n            \"pauseAutoPlayOnHover\" : true,\n            \"prevNextButtons\": true,\n            \"contain\" : true,\n            \"adaptiveHeight\" : true,\n            \"dragThreshold\" : 10,\n            \"percentPosition\": true,\n            \"pageDots\": true,\n            \"rightToLeft\": false,\n            \"draggable\": true,\n            \"selectedAttraction\": 0.1,\n            \"parallax\" : 0,\n            \"friction\": 0.6        }'\n        >\n        \n\n\n  <div class=\"banner has-hover has-parallax\" id=\"banner-881022648\">\n          <div class=\"banner-inner fill\">\n        <div class=\"banner-bg fill\" data-parallax=\"-4\" data-parallax-container=\".banner\" data-parallax-background>\n            <img loading=\"lazy\" decoding=\"async\" width=\"1020\" height=\"503\" src=\"https:\/\/paragliding-austria.com\/wp-content\/uploads\/2022\/05\/1920x946_birdy-1_paragliding-austria-time.jpg\" class=\"bg attachment-large size-large\" alt=\"\" \/>                                    \n                    <\/div>\n\t\t\n        <div class=\"banner-layers container\">\n            <div class=\"fill banner-link\"><\/div>            \n\n   <div id=\"text-box-1333585346\" class=\"text-box banner-layer x5 md-x5 lg-x5 y90 md-y90 lg-y90 res-text\">\n                                <div class=\"text-box-content text box-shadow-3 dark\">\n              \n              <div class=\"text-inner text-center\">\n                  \n\n<h2 class=\"uppercase\"><strong>1+2+3 \u2705<\/strong><\/h2>\n<h3>Der schnellste Weg zum Paragleiterschein!<\/h3>\n<p>Du hast dich entschieden und m\u00f6chtest so schnell wie m\u00f6glich selbstst\u00e4ndiger Paragleitpilot werden?!<br \/>Unser Kompaktkurs ist was du suchst!<\/p>\n<p>Nimm dir ca. drei Wochen Zeit und schon bist du fertig\u2026.<\/p>\n<h4 class=\"alt-font\">#fluggail<\/h4>\n<a href=\"https:\/\/paragliding-austria.com\/nl\/agenda\/\" class=\"button primary\" >\n\t\t<span>Data<\/span>\n\t<\/a>\n\n\n<a class=\"button white is-outline\" >\n\t\t<span>\u20ac 2000,-<\/span>\n\t<\/a>\n\n\n\n              <\/div>\n           <\/div>\n                            \n<style>\n#text-box-1333585346 .text-box-content {\n  background-color: rgba(0, 0, 0, 0.86);\n  font-size: 90%;\n}\n#text-box-1333585346 .text-inner {\n  padding: 30px 30px 30px 30px;\n}\n#text-box-1333585346 {\n  width: 70%;\n}\n@media (min-width:550px) {\n  #text-box-1333585346 {\n    width: 40%;\n  }\n}\n<\/style>\n    <\/div>\n \n\n        <\/div>\n      <\/div>\n\n            \n<style>\n#banner-881022648 {\n  padding-top: 500px;\n}\n#banner-881022648 .banner-bg img {\n  object-position: 71% 63%;\n}\n<\/style>\n  <\/div>\n\n\n\n  <div class=\"banner has-hover\" id=\"banner-747975102\">\n          <div class=\"banner-inner fill\">\n        <div class=\"banner-bg fill\" >\n            <img loading=\"lazy\" decoding=\"async\" width=\"1020\" height=\"503\" src=\"https:\/\/paragliding-austria.com\/wp-content\/uploads\/2022\/05\/1920x946_birdy_grundkurs_paragliding-austria-time.jpg\" class=\"bg attachment-large size-large\" alt=\"\" \/>                        <div class=\"overlay\"><\/div>            \n                    <\/div>\n\t\t\n        <div class=\"banner-layers container\">\n            <div class=\"fill banner-link\"><\/div>            \n\n   <div id=\"text-box-171403098\" class=\"text-box banner-layer x5 md-x5 lg-x5 y50 md-y50 lg-y50 res-text\">\n                                <div class=\"text-box-content text dark\">\n              \n              <div class=\"text-inner text-left\">\n                  \n\n<h2 class=\"uppercase\"><strong>Vom Fu\u00dfg\u00e4nger zum Piloten<\/strong><\/h2>\n<h3>1+2+3 \u2705<\/h3>\n<p>Ab dem 15. Lebensjahr. So schnell kann&#8217;s gehen.<\/p>\n<h4 class=\"alt-font\">#fluggail<\/h4>\n<a class=\"button primary\" >\n\t\t<span>\u20ac 2000,-<\/span>\n\t<\/a>\n\n\n<a href=\"https:\/\/paragliding-austria.com\/buchungsanfrage\/\" class=\"button white is-outline\" >\n\t\t<span>Boek nu<\/span>\n\t<\/a>\n\n\n\n              <\/div>\n           <\/div>\n                            \n<style>\n#text-box-171403098 {\n  width: 60%;\n}\n#text-box-171403098 .text-box-content {\n  font-size: 100%;\n}\n@media (min-width:550px) {\n  #text-box-171403098 {\n    width: 38%;\n  }\n}\n<\/style>\n    <\/div>\n \n\n        <\/div>\n      <\/div>\n\n            \n<style>\n#banner-747975102 {\n  padding-top: 500px;\n}\n#banner-747975102 .overlay {\n  background-color: rgba(0, 0, 0, 0.31);\n}\n<\/style>\n  <\/div>\n\n\n\n  <div class=\"banner has-hover has-parallax\" id=\"banner-172932094\">\n          <div class=\"banner-inner fill\">\n        <div class=\"banner-bg fill\" data-parallax=\"-4\" data-parallax-container=\".banner\" data-parallax-background>\n            <img loading=\"lazy\" decoding=\"async\" width=\"1020\" height=\"604\" src=\"https:\/\/paragliding-austria.com\/wp-content\/uploads\/2022\/05\/5-scaled-1.jpg\" class=\"bg attachment-large size-large\" alt=\"\" \/>                                    \n                    <\/div>\n\t\t\n        <div class=\"banner-layers container\">\n            <div class=\"fill banner-link\"><\/div>            \n\n   <div id=\"text-box-896461102\" class=\"text-box banner-layer x5 md-x5 lg-x5 y50 md-y50 lg-y50 res-text\">\n                                <div class=\"text-box-content text dark\">\n              \n              <div class=\"text-inner text-left\">\n                  \n\n<h2 class=\"uppercase\"><strong>Starten en landen&nbsp;<\/strong><\/h2>\n<h3>Elke dag vliegen en perfectioneren<\/h3>\n<p>Manoeuvres vliegen, veel plezier hebben en je tijd genieten.<\/p>\n<a href=\"https:\/\/paragliding-austria.com\/nl\/agenda\/\" class=\"button primary\" >\n\t\t<span>Data<\/span>\n\t<\/a>\n\n\n<a href=\"https:\/\/paragliding-austria.com\/buchungsanfrage\/\" class=\"button white is-outline\" >\n\t\t<span>Anmelden<\/span>\n\t<\/a>\n\n\n\n              <\/div>\n           <\/div>\n                            \n<style>\n#text-box-896461102 {\n  width: 60%;\n}\n#text-box-896461102 .text-box-content {\n  font-size: 100%;\n}\n@media (min-width:550px) {\n  #text-box-896461102 {\n    width: 38%;\n  }\n}\n<\/style>\n    <\/div>\n \n\n        <\/div>\n      <\/div>\n\n            \n<style>\n#banner-172932094 {\n  padding-top: 500px;\n}\n#banner-172932094 .banner-bg img {\n  object-position: 58% 0%;\n}\n<\/style>\n  <\/div>\n\n\n\n  <div class=\"banner has-hover has-parallax\" id=\"banner-457840908\">\n          <div class=\"banner-inner fill\">\n        <div class=\"banner-bg fill\" data-parallax=\"-3\" data-parallax-container=\".banner\" data-parallax-background>\n            <img loading=\"lazy\" decoding=\"async\" width=\"1020\" height=\"503\" src=\"https:\/\/paragliding-austria.com\/wp-content\/uploads\/2022\/05\/1920x946_schwimmbad-kirchbach-landeplatz_paragliding-austria-time-flies.jpg\" class=\"bg attachment-large size-large\" alt=\"\" \/>                                    \n                    <\/div>\n\t\t\n        <div class=\"banner-layers container\">\n            <div class=\"fill banner-link\"><\/div>            \n\n   <div id=\"text-box-469321178\" class=\"text-box banner-layer x5 md-x5 lg-x5 y50 md-y50 lg-y50 res-text\">\n                                <div class=\"text-box-content text dark\">\n              \n              <div class=\"text-inner text-left\">\n                  \n\n<h2 class=\"uppercase\"><strong>zwembad<\/strong><\/h2>\n<h3>Meteen na het landen een duik nemen ..<\/h3>\n<p>Na het vliegen duik je bij ons direct het zwembad in.<\/p>\n<h4 class=\"alt-font\">#fluggail<\/h4>\n<a href=\"https:\/\/paragliding-austria.com\/nl\/agenda\/\" target=\"_blank\" class=\"button primary\" rel=\"noopener\" >\n\t\t<span>Data<\/span>\n\t<\/a>\n\n\n\n              <\/div>\n           <\/div>\n                            \n<style>\n#text-box-469321178 {\n  width: 60%;\n}\n#text-box-469321178 .text-box-content {\n  font-size: 100%;\n}\n@media (min-width:550px) {\n  #text-box-469321178 {\n    width: 40%;\n  }\n}\n<\/style>\n    <\/div>\n \n\n        <\/div>\n      <\/div>\n\n            \n<style>\n#banner-457840908 {\n  padding-top: 500px;\n}\n<\/style>\n  <\/div>\n\n\n\n     <\/div>\n\n     <div class=\"loading-spin dark large centered\"><\/div>\n\n\t<\/div>\n\n\n<div class=\"container section-title-container\" ><h3 class=\"section-title section-title-center\"><b aria-hidden=\"true\"><\/b><span class=\"section-title-main\" >1+2+3: Alles-in-1 Cursus<\/span><b aria-hidden=\"true\"><\/b><\/h3><\/div>\n\n<div class=\"row\"  id=\"row-2014420778\">\n\n\n\t<div id=\"col-1095038491\" class=\"col medium-6 small-12 large-6\"  >\n\t\t\t\t<div class=\"col-inner\"  >\n\t\t\t\n\t\t\t\n\n<p>Du bist voll motiviert und willst so schnell wie m\u00f6glich zum selbstst\u00e4ndiger Paragleitpilot werden! Dann ist der Kompaktkurs f\u00fcr dich genau das Richtige. In ca. 3 Wochen lernst du alles was du brauchst um deinen Pilotenschein zu machen.<\/p>\n<p>W\u00e4hrend dieser Zeit konzentrieren wir uns auf deine H\u00f6henfl\u00fcge und das Verbessern von deinen Starts und Landungen. Damit du f\u00fcr die Praxispr\u00fcfung vom Feinsten vorbereitet bist, bringen wir dir auch alle wichtigen Flugman\u00f6vern bei.<\/p>\n<p><em>&#8220;Der Mensch steht bei uns im Mittelpunkt und wir bem\u00fchen uns immer deine individuelle Lernkurve zu ber\u00fccksichtigten und eine entspannte und ungezwungene Atmosph\u00e4re zu schaffen. Wir haben keinen Stress und du entscheidest ob du noch fliegen willst, oder ob es Zeit ist f\u00fcr eine Pause im Schwimmbad.&#8221;<\/em><\/p>\n<p>Die Theorie wird in der Regel am Nachmittag vermittelt. Dabei sind wir flexibel und lassen die Einteilung vom Wetter abh\u00e4ngen.<\/p>\n<p>Zur Vorbereitung f\u00fcr die Theoriepr\u00fcfung gibt es einen <a href=\"https:\/\/shop.dhv.de\/products\/e-learning-pruffragen-gleitschirm-a-schein-gsa\" target=\"_blank\" rel=\"noopener\">online Fragenkatalog<\/a> um die Pr\u00fcfungsfragen zu lernen.<\/p>\n<p><strong><em>Wir freuen uns auf deine motivation!<\/em><\/strong><\/p>\n\n\t\t<\/div>\n\t\t\t\t\t<\/div>\n\n\t\n\n\t<div id=\"col-616194937\" class=\"col medium-6 small-12 large-6\"  >\n\t\t\t\t<div class=\"col-inner\"  >\n\t\t\t\n\t\t\t\n\n\t<div class=\"img has-hover x md-x lg-x y md-y lg-y\" id=\"image_1352004135\">\n\t\t\t\t\t\t\t\t<div class=\"img-inner dark\" style=\"margin:0px 0px -0 0px;\">\n\t\t\t<img loading=\"lazy\" decoding=\"async\" width=\"711\" height=\"400\" src=\"https:\/\/paragliding-austria.com\/wp-content\/uploads\/2022\/04\/123_2-fly_1920x946_timeflies-paragliding-austria-711x400.jpg\" class=\"attachment-medium size-medium\" alt=\"\" srcset=\"https:\/\/paragliding-austria.com\/wp-content\/uploads\/2022\/04\/123_2-fly_1920x946_timeflies-paragliding-austria-711x400.jpg 711w, https:\/\/paragliding-austria.com\/wp-content\/uploads\/2022\/04\/123_2-fly_1920x946_timeflies-paragliding-austria-768x432.jpg 768w, https:\/\/paragliding-austria.com\/wp-content\/uploads\/2022\/04\/123_2-fly_1920x946_timeflies-paragliding-austria-1536x864.jpg 1536w, https:\/\/paragliding-austria.com\/wp-content\/uploads\/2022\/04\/123_2-fly_1920x946_timeflies-paragliding-austria-600x338.jpg 600w, https:\/\/paragliding-austria.com\/wp-content\/uploads\/2022\/04\/123_2-fly_1920x946_timeflies-paragliding-austria.jpg 1920w\" sizes=\"auto, (max-width: 711px) 100vw, 711px\" \/>\t\t\t\t\t\t\n\t\t\t\t\t<\/div>\n\t\t\t\t\t\t\t\t\n<style>\n#image_1352004135 {\n  width: 100%;\n}\n<\/style>\n\t<\/div>\n\t\n\n\n  <div class=\"banner has-hover\" id=\"banner-1801688361\">\n          <div class=\"banner-inner fill\">\n        <div class=\"banner-bg fill\" >\n                                    <div class=\"overlay\"><\/div>            \n\t<div class=\"is-border\"\n\t\tstyle=\"border-width:0px 0px 0 0px;margin:0px 0px 0px 0px;\">\n\t<\/div>\n                    <\/div>\n\t\t\n        <div class=\"banner-layers container\">\n            <div class=\"fill banner-link\"><\/div>            \n\n   <div id=\"text-box-1545727121\" class=\"text-box banner-layer x80 md-x50 lg-x50 y50 md-y90 lg-y90 res-text\">\n                                <div class=\"text-box-content text box-shadow-3 dark\">\n              \n              <div class=\"text-inner text-center\">\n                  \n\n<h2 class=\"uppercase\"><strong>Hier geht&#8217;s weiter\u00a0<\/strong><\/h2>\n<h3>Schau dir gleich unsere Termine an<\/h3>\n<h4>und sichere dir deinen Platz!<\/h4>\n<a class=\"button primary\" >\n\t\t<span>Data<\/span>\n\t<\/a>\n\n\n<a href=\"https:\/\/paragliding-austria.com\/buchungsanfrage\/\" class=\"button success\" >\n\t\t<span>Nu boeken<\/span>\n\t<\/a>\n\n\n\n              <\/div>\n           <\/div>\n                            \n<style>\n#text-box-1545727121 .text-box-content {\n  background-color: rgba(0, 0, 0, 0.86);\n  font-size: 100%;\n}\n#text-box-1545727121 .text-inner {\n  padding: 30px 30px 30px 30px;\n}\n#text-box-1545727121 {\n  width: 60%;\n}\n@media (min-width:550px) {\n  #text-box-1545727121 {\n    width: 85%;\n  }\n}\n<\/style>\n    <\/div>\n \n\n        <\/div>\n      <\/div>\n\n            \n<style>\n#banner-1801688361 {\n  padding-top: 420px;\n  background-color: rgb(68, 96, 132);\n}\n#banner-1801688361 .overlay {\n  background-color: rgba(0, 0, 0, 0.2);\n}\n@media (min-width:550px) {\n  #banner-1801688361 {\n    padding-top: 300px;\n  }\n}\n<\/style>\n  <\/div>\n\n\n\n\t\t<\/div>\n\t\t\t\t\t<\/div>\n\n\t\n\n<\/div>\n<div class=\"container section-title-container\" ><h3 class=\"section-title section-title-center\"><b aria-hidden=\"true\"><\/b><span class=\"section-title-main\" >Meer informatie<\/span><b aria-hidden=\"true\"><\/b><\/h3><\/div>\n\n<div class=\"row\"  id=\"row-1157239980\">\n\n\n\t<div id=\"col-175384445\" class=\"col small-12 large-12\"  >\n\t\t\t\t<div class=\"col-inner\"  >\n\t\t\t\n\t\t\t\n\n<div class=\"accordion\">\n\n\t<div id=\"accordion-242411995\" class=\"accordion-item\">\n\t\t<a id=\"accordion-242411995-label\" class=\"accordion-title plain\" aria-expanded=\"false\" aria-controls=\"accordion-242411995-content\">\n\t\t\t<button class=\"toggle\" aria-label=\"Toggle\"><i class=\"icon-angle-down\" aria-hidden=\"true\"><\/i><\/button>\n\t\t\t<span>Info:<\/span>\n\t\t<\/a>\n\t\t<div id=\"accordion-242411995-content\" class=\"accordion-inner\" aria-labelledby=\"accordion-242411995-label\">\n\t\t\t\n\n<ul>\n<li>Dauer: ca. 3 Wochen. Nat\u00fcrlich abh\u00e4ngig vom Wetter und wie schnell du das Gleitschirmfliegen meisterst.<\/li>\n<li>Teilnehmer: max. 8 Personen<\/li>\n<li>Ziel: Paragleiterschein<\/li>\n<li>Preis: <strong>Jetzt f\u00fcr \u20ac 2000,- <\/strong>(Normalpreis \u20ac 2299,-)<\/li>\n<\/ul>\n\n\t\t<\/div>\n\t<\/div>\n\t\n\t<div id=\"accordion-3806255381\" class=\"accordion-item\">\n\t\t<a id=\"accordion-3806255381-label\" class=\"accordion-title plain\" aria-expanded=\"false\" aria-controls=\"accordion-3806255381-content\">\n\t\t\t<button class=\"toggle\" aria-label=\"Toggle\"><i class=\"icon-angle-down\" aria-hidden=\"true\"><\/i><\/button>\n\t\t\t<span>Belangrijk:<\/span>\n\t\t<\/a>\n\t\t<div id=\"accordion-3806255381-content\" class=\"accordion-inner\" aria-labelledby=\"accordion-3806255381-label\">\n\t\t\t\n\n<ul>\n<li>Ab dem 14. Lebensjahr<\/li>\n<li>Mental und k\u00f6rperlich fit<\/li>\n<li>Festes Schuhwerk<\/li>\n<li>Handschuhe<\/li>\n<li>Gute Laune<\/li>\n<\/ul>\n\n\t\t<\/div>\n\t<\/div>\n\t\n\t<div id=\"accordion-1378947165\" class=\"accordion-item\">\n\t\t<a id=\"accordion-1378947165-label\" class=\"accordion-title plain\" aria-expanded=\"false\" aria-controls=\"accordion-1378947165-content\">\n\t\t\t<button class=\"toggle\" aria-label=\"Toggle\"><i class=\"icon-angle-down\" aria-hidden=\"true\"><\/i><\/button>\n\t\t\t<span>Inclusief:<\/span>\n\t\t<\/a>\n\t\t<div id=\"accordion-1378947165-content\" class=\"accordion-inner\" aria-labelledby=\"accordion-1378947165-label\">\n\t\t\t\n\n<ul>\n<li>Transport zum \u00dcbungshang<\/li>\n<li>H\u00f6henfl\u00fcge unlimitiert<\/li>\n<li>Leihausr\u00fcstung bestehend aus: Gleitschirm, Gurtzeug mit Rettung, Helm und Funkger\u00e4t<\/li>\n<li>Individuelle Flugbetreuung durch Fluglehrer<\/li>\n<li>Verbesserung der Flugtechnik<\/li>\n<li>T\u00e4gliches Wetterbriefing<\/li>\n<li>Fluggebietseinweisung<\/li>\n<li>Funkunterst\u00fctzung<\/li>\n<li>Theorieunterricht in den F\u00e4chern Flugpraxis, Materialkunde, Aerodynamik, Meteorologie und Luftrecht.<\/li>\n<li>Lernunterlagen<\/li>\n<li>Haftpflichtversicherung<\/li>\n<li>Wettergarantie<\/li>\n<\/ul>\n\n\t\t<\/div>\n\t<\/div>\n\t\n\t<div id=\"accordion-1093868740\" class=\"accordion-item\">\n\t\t<a id=\"accordion-1093868740-label\" class=\"accordion-title plain\" aria-expanded=\"false\" aria-controls=\"accordion-1093868740-content\">\n\t\t\t<button class=\"toggle\" aria-label=\"Toggle\"><i class=\"icon-angle-down\" aria-hidden=\"true\"><\/i><\/button>\n\t\t\t<span>Exclusief:<\/span>\n\t\t<\/a>\n\t\t<div id=\"accordion-1093868740-content\" class=\"accordion-inner\" aria-labelledby=\"accordion-1093868740-label\">\n\t\t\t\n\n<ul>\n<li>Transport zum Startplatz <em>(Taxi kosten)<\/em><\/li>\n<li>Start- und Landegeld \u20ac 4,- pro Tag an den wir Fliegen<\/li>\n<li>Paragleiterschein Austellungsgeb\u00fchr Aeroclub: (wird vom Aero-Club eingehoben)<\/li>\n<li>Reise<\/li>\n<li>\u00dcbernachtung<\/li>\n<li>Essen\/ Trinken<\/li>\n<li>Unfallversicherung<\/li>\n<li>Reiser\u00fccktrittsversicherung<\/li>\n<\/ul>\n\n\t\t<\/div>\n\t<\/div>\n\t\n\t<div id=\"accordion-3762125753\" class=\"accordion-item\">\n\t\t<a id=\"accordion-3762125753-label\" class=\"accordion-title plain\" href=\"#accordion-item-waar-wordt-deze-cursus-gegeven?\" aria-expanded=\"false\" aria-controls=\"accordion-3762125753-content\">\n\t\t\t<button class=\"toggle\" aria-label=\"Toggle\"><i class=\"icon-angle-down\" aria-hidden=\"true\"><\/i><\/button>\n\t\t\t<span>Waar wordt deze cursus gegeven?<\/span>\n\t\t<\/a>\n\t\t<div id=\"accordion-3762125753-content\" class=\"accordion-inner\" aria-labelledby=\"accordion-3762125753-label\">\n\t\t\t\n\n\n\t\t<\/div>\n\t<\/div>\n\t\n\n<\/div>\n\n\t\t<\/div>\n\t\t\t\t\t<\/div>\n\n\t\n\n<\/div>\n<div class=\"row\"  id=\"row-1992019852\">\n\n\n\t<div id=\"col-845145914\" class=\"col medium-6 small-12 large-6\"  >\n\t\t\t\t<div class=\"col-inner\"  >\n\t\t\t\n\t\t\t\n\n<div class=\"message-box relative dark\" style=\"padding-top:32px;padding-bottom:32px;\"><div class=\"message-box-bg-image bg-fill fill\" ><\/div><div class=\"message-box-bg-overlay bg-fill fill\" style=\"background-color:rgb(68, 96, 132);\"><\/div><div class=\"container relative\"><div class=\"inner last-reset\">\n\n<div class=\"container section-title-container\" ><h3 class=\"section-title section-title-center\"><b aria-hidden=\"true\"><\/b><span class=\"section-title-main\" ><i class=\"icon-checkmark\" aria-hidden=\"true\"><\/i>Weergarantie<\/span><b aria-hidden=\"true\"><\/b><\/h3><\/div>\n\n<div class=\"row align-middle align-center\"  id=\"row-29342241\">\n\n\n\t<div id=\"col-593232817\" class=\"col medium-10 small-12 large-10\"  >\n\t\t\t\t<div class=\"col-inner\"  >\n\t\t\t\n\t\t\t\n\n<h2 class=\"alt-font\">Sollten Wetterbedingt 15 H\u00f6henfl\u00fcge w\u00e4hrend des Kompaktkurses nicht m\u00f6glich sein, kannst du diese innerhalb eines Jahres ohne zus\u00e4tzliche Kurskosten nachholen.<\/h2>\n\n\t\t<\/div>\n\t\t\t\t\t<\/div>\n\n\t\n\n<\/div>\n\n<\/div><\/div><\/div>\n\n\t\t<\/div>\n\t\t\t\t\t<\/div>\n\n\t\n\n\t<div id=\"col-1721393072\" class=\"col medium-6 small-12 large-6\"  >\n\t\t\t\t<div class=\"col-inner\"  >\n\t\t\t\n\t\t\t\n\n\t<div class=\"img has-hover x md-x lg-x y md-y lg-y\" id=\"image_1261045104\">\n\t\t\t\t\t\t\t\t<div class=\"img-inner dark\" >\n\t\t\t<img loading=\"lazy\" decoding=\"async\" width=\"711\" height=\"400\" src=\"https:\/\/paragliding-austria.com\/wp-content\/uploads\/2022\/05\/123-fly_800x450_timeflies-paragliding-austria-711x400.jpg\" class=\"attachment-medium size-medium\" alt=\"\" srcset=\"https:\/\/paragliding-austria.com\/wp-content\/uploads\/2022\/05\/123-fly_800x450_timeflies-paragliding-austria-711x400.jpg 711w, https:\/\/paragliding-austria.com\/wp-content\/uploads\/2022\/05\/123-fly_800x450_timeflies-paragliding-austria-768x432.jpg 768w, https:\/\/paragliding-austria.com\/wp-content\/uploads\/2022\/05\/123-fly_800x450_timeflies-paragliding-austria-600x338.jpg 600w, https:\/\/paragliding-austria.com\/wp-content\/uploads\/2022\/05\/123-fly_800x450_timeflies-paragliding-austria.jpg 800w\" sizes=\"auto, (max-width: 711px) 100vw, 711px\" \/>\t\t\t\t\t\t\n\t\t\t\t\t<\/div>\n\t\t\t\t\t\t\t\t\n<style>\n#image_1261045104 {\n  width: 100%;\n}\n<\/style>\n\t<\/div>\n\t\n\n\n\t\t<\/div>\n\t\t\t\t\t<\/div>\n\n\t\n\n<\/div>\n<div class=\"row\"  id=\"row-506410286\">\n\n\n\t<div id=\"col-1094660675\" class=\"col medium-6 small-12 large-6\"  >\n\t\t\t\t<div class=\"col-inner\"  >\n\t\t\t\n\t\t\t\n\n\n  <div class=\"banner has-hover\" id=\"banner-749224810\">\n          <div class=\"banner-inner fill\">\n        <div class=\"banner-bg fill\" >\n            <img loading=\"lazy\" decoding=\"async\" width=\"768\" height=\"576\" src=\"https:\/\/paragliding-austria.com\/wp-content\/uploads\/2021\/11\/quick3-768x576-1.jpeg\" class=\"bg attachment-large size-large\" alt=\"\" \/>                                    \n                    <\/div>\n\t\t\n        <div class=\"banner-layers container\">\n            <div class=\"fill banner-link\"><\/div>            \n\n   <div id=\"text-box-527903623\" class=\"text-box banner-layer x5 md-x5 lg-x5 y50 md-y50 lg-y50 res-text\">\n                                <div class=\"text-box-content text box-shadow-3\">\n              \n              <div class=\"text-inner text-left\">\n                  \n\n<h2 class=\"uppercase\"><strong>een eigen set kopen?<\/strong><\/h2>\n<h3>Laat je door ons adviseren!<\/h3>\n<p><em>Het huurmateriaal is inbegrepen in onze cursusprijs.<\/em><\/p>\n<a class=\"button primary\" >\n\t\t<span>Shop<\/span>\n\t<\/a>\n\n\n<a class=\"button primary is-outline\" >\n\t\t<span>Beginnersset kopen<\/span>\n\t<\/a>\n\n\n\n              <\/div>\n           <\/div>\n                            \n<style>\n#text-box-527903623 .text-box-content {\n  background-color: rgb(255, 255, 255);\n  font-size: 100%;\n}\n#text-box-527903623 .text-inner {\n  padding: 30px 30px 30px 30px;\n}\n#text-box-527903623 {\n  width: 71%;\n}\n@media (min-width:550px) {\n  #text-box-527903623 {\n    width: 45%;\n  }\n}\n<\/style>\n    <\/div>\n \n\n        <\/div>\n      <\/div>\n\n            \n<style>\n#banner-749224810 {\n  padding-top: 500px;\n}\n#banner-749224810 .banner-bg img {\n  object-position: 41% 65%;\n}\n<\/style>\n  <\/div>\n\n\n\n\t\t<\/div>\n\t\t\t\t\t<\/div>\n\n\t\n\n\t<div id=\"col-1748299149\" class=\"col medium-6 small-12 large-6\"  >\n\t\t\t\t<div class=\"col-inner\"  >\n\t\t\t\n\t\t\t\n\n\n  <div class=\"banner has-hover\" id=\"banner-763149587\">\n          <div class=\"banner-inner fill\">\n        <div class=\"banner-bg fill\" >\n            <img loading=\"lazy\" decoding=\"async\" width=\"1020\" height=\"574\" src=\"https:\/\/paragliding-austria.com\/wp-content\/uploads\/2021\/11\/A2A_Slider5.png\" class=\"bg attachment-large size-large\" alt=\"\" \/>                                    \n                    <\/div>\n\t\t\n        <div class=\"banner-layers container\">\n            <div class=\"fill banner-link\"><\/div>            \n\n   <div id=\"text-box-361810899\" class=\"text-box banner-layer x95 md-x95 lg-x95 y85 md-y85 lg-y85 res-text\">\n                                <div class=\"text-box-content text box-shadow-3\">\n              \n              <div class=\"text-inner text-center\">\n                  \n\n<h2 class=\"uppercase\"><strong>Supair ACCESS 2<\/strong><\/h2>\n<h3>Het harnas om mee te starten<\/h3>\n<p>&nbsp;<\/p>\n<a class=\"button primary\" >\n\t\t<span>Shop<\/span>\n\t<\/a>\n\n\n<a class=\"button primary is-outline\" >\n\t\t<span>Testen<\/span>\n\t<\/a>\n\n\n\n              <\/div>\n           <\/div>\n                            \n<style>\n#text-box-361810899 .text-box-content {\n  background-color: rgba(255, 255, 255, 0.86);\n  font-size: 100%;\n}\n#text-box-361810899 .text-inner {\n  padding: 30px 30px 30px 30px;\n}\n#text-box-361810899 {\n  width: 60%;\n}\n@media (min-width:550px) {\n  #text-box-361810899 {\n    width: 40%;\n  }\n}\n<\/style>\n    <\/div>\n \n\n        <\/div>\n      <\/div>\n\n            \n<style>\n#banner-763149587 {\n  padding-top: 500px;\n}\n#banner-763149587 .banner-bg img {\n  object-position: 57% 76%;\n}\n<\/style>\n  <\/div>\n\n\n\n\t\t<\/div>\n\t\t\t\t\t<\/div>\n\n\t\n\n<\/div>\n<div class=\"row\"  id=\"row-842210007\">\n\n\n<\/div>\n\n","protected":false},"excerpt":{"rendered":"","protected":false},"author":2,"featured_media":1108,"parent":1865,"menu_order":5,"comment_status":"closed","ping_status":"closed","template":"","meta":{"footnotes":""},"class_list":["post-1847","page","type-page","status-publish","has-post-thumbnail","hentry"],"yoast_head":"<!-- This site is optimized with the Yoast SEO plugin v27.5 - https:\/\/yoast.com\/product\/yoast-seo-wordpress\/ -->\n<title>1+2+3 = Alles-in-1 Cursus - Paragliding Austria.com<\/title>\n<meta name=\"robots\" content=\"index, follow, max-snippet:-1, max-image-preview:large, max-video-preview:-1\" \/>\n<link rel=\"canonical\" href=\"https:\/\/paragliding-austria.com\/nl\/vliegschool\/cursussen\/123-alles-in-1-cursus\/\" \/>\n<meta property=\"og:locale\" content=\"nl_NL\" \/>\n<meta property=\"og:type\" content=\"article\" \/>\n<meta property=\"og:title\" content=\"1+2+3 = Alles-in-1 Cursus - Paragliding Austria.com\" \/>\n<meta property=\"og:url\" content=\"https:\/\/paragliding-austria.com\/nl\/vliegschool\/cursussen\/123-alles-in-1-cursus\/\" \/>\n<meta property=\"og:site_name\" content=\"Paragliding Austria.com\" \/>\n<meta property=\"article:modified_time\" content=\"2025-02-17T22:05:40+00:00\" \/>\n<meta property=\"og:image\" content=\"https:\/\/paragliding-austria.com\/wp-content\/uploads\/2022\/05\/800x500_birdy-1_paragliding-austria-time-flies.jpg\" \/>\n\t<meta property=\"og:image:width\" content=\"800\" \/>\n\t<meta property=\"og:image:height\" content=\"500\" \/>\n\t<meta property=\"og:image:type\" content=\"image\/jpeg\" \/>\n<meta name=\"twitter:card\" content=\"summary_large_image\" \/>\n<meta name=\"twitter:label1\" content=\"Geschatte leestijd\" \/>\n\t<meta name=\"twitter:data1\" content=\"4 minuten\" \/>\n<script type=\"application\/ld+json\" class=\"yoast-schema-graph\">{\"@context\":\"https:\\\/\\\/schema.org\",\"@graph\":[{\"@type\":\"WebPage\",\"@id\":\"https:\\\/\\\/paragliding-austria.com\\\/nl\\\/vliegschool\\\/cursussen\\\/123-alles-in-1-cursus\\\/\",\"url\":\"https:\\\/\\\/paragliding-austria.com\\\/nl\\\/vliegschool\\\/cursussen\\\/123-alles-in-1-cursus\\\/\",\"name\":\"1+2+3 = Alles-in-1 Cursus - Paragliding Austria.com\",\"isPartOf\":{\"@id\":\"https:\\\/\\\/paragliding-austria.com\\\/#website\"},\"primaryImageOfPage\":{\"@id\":\"https:\\\/\\\/paragliding-austria.com\\\/nl\\\/vliegschool\\\/cursussen\\\/123-alles-in-1-cursus\\\/#primaryimage\"},\"image\":{\"@id\":\"https:\\\/\\\/paragliding-austria.com\\\/nl\\\/vliegschool\\\/cursussen\\\/123-alles-in-1-cursus\\\/#primaryimage\"},\"thumbnailUrl\":\"https:\\\/\\\/paragliding-austria.com\\\/wp-content\\\/uploads\\\/2022\\\/05\\\/800x500_birdy-1_paragliding-austria-time-flies.jpg\",\"datePublished\":\"2022-07-15T16:35:37+00:00\",\"dateModified\":\"2025-02-17T22:05:40+00:00\",\"breadcrumb\":{\"@id\":\"https:\\\/\\\/paragliding-austria.com\\\/nl\\\/vliegschool\\\/cursussen\\\/123-alles-in-1-cursus\\\/#breadcrumb\"},\"inLanguage\":\"nl-NL\",\"potentialAction\":[{\"@type\":\"ReadAction\",\"target\":[\"https:\\\/\\\/paragliding-austria.com\\\/nl\\\/vliegschool\\\/cursussen\\\/123-alles-in-1-cursus\\\/\"]}]},{\"@type\":\"ImageObject\",\"inLanguage\":\"nl-NL\",\"@id\":\"https:\\\/\\\/paragliding-austria.com\\\/nl\\\/vliegschool\\\/cursussen\\\/123-alles-in-1-cursus\\\/#primaryimage\",\"url\":\"https:\\\/\\\/paragliding-austria.com\\\/wp-content\\\/uploads\\\/2022\\\/05\\\/800x500_birdy-1_paragliding-austria-time-flies.jpg\",\"contentUrl\":\"https:\\\/\\\/paragliding-austria.com\\\/wp-content\\\/uploads\\\/2022\\\/05\\\/800x500_birdy-1_paragliding-austria-time-flies.jpg\",\"width\":800,\"height\":500},{\"@type\":\"BreadcrumbList\",\"@id\":\"https:\\\/\\\/paragliding-austria.com\\\/nl\\\/vliegschool\\\/cursussen\\\/123-alles-in-1-cursus\\\/#breadcrumb\",\"itemListElement\":[{\"@type\":\"ListItem\",\"position\":1,\"name\":\"Home\",\"item\":\"https:\\\/\\\/paragliding-austria.com\\\/nl\\\/\"},{\"@type\":\"ListItem\",\"position\":2,\"name\":\"Vliegschool\",\"item\":\"https:\\\/\\\/paragliding-austria.com\\\/nl\\\/vliegschool\\\/\"},{\"@type\":\"ListItem\",\"position\":3,\"name\":\"Cursussen\",\"item\":\"https:\\\/\\\/paragliding-austria.com\\\/nl\\\/vliegschool\\\/cursussen\\\/\"},{\"@type\":\"ListItem\",\"position\":4,\"name\":\"1+2+3 = Alles-in-1 Cursus\"}]},{\"@type\":\"WebSite\",\"@id\":\"https:\\\/\\\/paragliding-austria.com\\\/#website\",\"url\":\"https:\\\/\\\/paragliding-austria.com\\\/\",\"name\":\"Paragliding Austria.com\",\"description\":\"Paragliding Austria - Flugschule Time Flies\",\"potentialAction\":[{\"@type\":\"SearchAction\",\"target\":{\"@type\":\"EntryPoint\",\"urlTemplate\":\"https:\\\/\\\/paragliding-austria.com\\\/?s={search_term_string}\"},\"query-input\":{\"@type\":\"PropertyValueSpecification\",\"valueRequired\":true,\"valueName\":\"search_term_string\"}}],\"inLanguage\":\"nl-NL\"}]}<\/script>\n<!-- \/ Yoast SEO plugin. -->","yoast_head_json":{"title":"1+2+3 = Alles-in-1 Cursus - Paragliding Austria.com","robots":{"index":"index","follow":"follow","max-snippet":"max-snippet:-1","max-image-preview":"max-image-preview:large","max-video-preview":"max-video-preview:-1"},"canonical":"https:\/\/paragliding-austria.com\/nl\/vliegschool\/cursussen\/123-alles-in-1-cursus\/","og_locale":"nl_NL","og_type":"article","og_title":"1+2+3 = Alles-in-1 Cursus - Paragliding Austria.com","og_url":"https:\/\/paragliding-austria.com\/nl\/vliegschool\/cursussen\/123-alles-in-1-cursus\/","og_site_name":"Paragliding Austria.com","article_modified_time":"2025-02-17T22:05:40+00:00","og_image":[{"width":800,"height":500,"url":"https:\/\/paragliding-austria.com\/wp-content\/uploads\/2022\/05\/800x500_birdy-1_paragliding-austria-time-flies.jpg","type":"image\/jpeg"}],"twitter_card":"summary_large_image","twitter_misc":{"Geschatte leestijd":"4 minuten"},"schema":{"@context":"https:\/\/schema.org","@graph":[{"@type":"WebPage","@id":"https:\/\/paragliding-austria.com\/nl\/vliegschool\/cursussen\/123-alles-in-1-cursus\/","url":"https:\/\/paragliding-austria.com\/nl\/vliegschool\/cursussen\/123-alles-in-1-cursus\/","name":"1+2+3 = Alles-in-1 Cursus - Paragliding Austria.com","isPartOf":{"@id":"https:\/\/paragliding-austria.com\/#website"},"primaryImageOfPage":{"@id":"https:\/\/paragliding-austria.com\/nl\/vliegschool\/cursussen\/123-alles-in-1-cursus\/#primaryimage"},"image":{"@id":"https:\/\/paragliding-austria.com\/nl\/vliegschool\/cursussen\/123-alles-in-1-cursus\/#primaryimage"},"thumbnailUrl":"https:\/\/paragliding-austria.com\/wp-content\/uploads\/2022\/05\/800x500_birdy-1_paragliding-austria-time-flies.jpg","datePublished":"2022-07-15T16:35:37+00:00","dateModified":"2025-02-17T22:05:40+00:00","breadcrumb":{"@id":"https:\/\/paragliding-austria.com\/nl\/vliegschool\/cursussen\/123-alles-in-1-cursus\/#breadcrumb"},"inLanguage":"nl-NL","potentialAction":[{"@type":"ReadAction","target":["https:\/\/paragliding-austria.com\/nl\/vliegschool\/cursussen\/123-alles-in-1-cursus\/"]}]},{"@type":"ImageObject","inLanguage":"nl-NL","@id":"https:\/\/paragliding-austria.com\/nl\/vliegschool\/cursussen\/123-alles-in-1-cursus\/#primaryimage","url":"https:\/\/paragliding-austria.com\/wp-content\/uploads\/2022\/05\/800x500_birdy-1_paragliding-austria-time-flies.jpg","contentUrl":"https:\/\/paragliding-austria.com\/wp-content\/uploads\/2022\/05\/800x500_birdy-1_paragliding-austria-time-flies.jpg","width":800,"height":500},{"@type":"BreadcrumbList","@id":"https:\/\/paragliding-austria.com\/nl\/vliegschool\/cursussen\/123-alles-in-1-cursus\/#breadcrumb","itemListElement":[{"@type":"ListItem","position":1,"name":"Home","item":"https:\/\/paragliding-austria.com\/nl\/"},{"@type":"ListItem","position":2,"name":"Vliegschool","item":"https:\/\/paragliding-austria.com\/nl\/vliegschool\/"},{"@type":"ListItem","position":3,"name":"Cursussen","item":"https:\/\/paragliding-austria.com\/nl\/vliegschool\/cursussen\/"},{"@type":"ListItem","position":4,"name":"1+2+3 = Alles-in-1 Cursus"}]},{"@type":"WebSite","@id":"https:\/\/paragliding-austria.com\/#website","url":"https:\/\/paragliding-austria.com\/","name":"Paragliding Austria.com","description":"Paragliding Austria - Flugschule Time Flies","potentialAction":[{"@type":"SearchAction","target":{"@type":"EntryPoint","urlTemplate":"https:\/\/paragliding-austria.com\/?s={search_term_string}"},"query-input":{"@type":"PropertyValueSpecification","valueRequired":true,"valueName":"search_term_string"}}],"inLanguage":"nl-NL"}]}},"_links":{"self":[{"href":"https:\/\/paragliding-austria.com\/nl\/wp-json\/wp\/v2\/pages\/1847","targetHints":{"allow":["GET"]}}],"collection":[{"href":"https:\/\/paragliding-austria.com\/nl\/wp-json\/wp\/v2\/pages"}],"about":[{"href":"https:\/\/paragliding-austria.com\/nl\/wp-json\/wp\/v2\/types\/page"}],"author":[{"embeddable":true,"href":"https:\/\/paragliding-austria.com\/nl\/wp-json\/wp\/v2\/users\/2"}],"replies":[{"embeddable":true,"href":"https:\/\/paragliding-austria.com\/nl\/wp-json\/wp\/v2\/comments?post=1847"}],"version-history":[{"count":12,"href":"https:\/\/paragliding-austria.com\/nl\/wp-json\/wp\/v2\/pages\/1847\/revisions"}],"predecessor-version":[{"id":4859,"href":"https:\/\/paragliding-austria.com\/nl\/wp-json\/wp\/v2\/pages\/1847\/revisions\/4859"}],"up":[{"embeddable":true,"href":"https:\/\/paragliding-austria.com\/nl\/wp-json\/wp\/v2\/pages\/1865"}],"wp:featuredmedia":[{"embeddable":true,"href":"https:\/\/paragliding-austria.com\/nl\/wp-json\/wp\/v2\/media\/1108"}],"wp:attachment":[{"href":"https:\/\/paragliding-austria.com\/nl\/wp-json\/wp\/v2\/media?parent=1847"}],"curies":[{"name":"wp","href":"https:\/\/api.w.org\/{rel}","templated":true}]}}